{"id":43,"date":"2011-11-25T09:00:55","date_gmt":"2011-11-25T08:00:55","guid":{"rendered":"http:\/\/burg-oybin.ol-d.de\/?page_id=43"},"modified":"2020-09-15T21:16:20","modified_gmt":"2020-09-15T19:16:20","slug":"aktuelles-presse","status":"publish","type":"page","link":"https:\/\/burg-oybin.ol-d.de\/?page_id=43","title":{"rendered":"Aktuelles &#038; Presse"},"content":{"rendered":"<h5>&nbsp;<\/h5>\n<h2 style=\"text-align: center;\"><span style=\"color: #ff9900;\"><em><span style=\"text-decoration: underline;\">Theatertruppe &#8220; Kurzweyl&#8220;<\/span><br \/>\n<\/em><\/span><\/h2>\n<h5 style=\"text-align: center;\"><span style=\"color: #ff9900;\"><em>&nbsp;unterwegs<\/em><\/span><\/h5>\n<h5 style=\"text-align: center;\"><span style=\"color: #ff9900;\">&nbsp;<strong><em>f\u00fcr Ihr ganz besonderes Event:<\/em><\/strong><\/span><\/h5>\n<h5 style=\"text-align: center;\"><span style=\"color: #808000;\">Hochzeit, Familienfeier, Firmenfeier, Stadt-, Dorf-,<\/span><\/h5>\n<h5 style=\"text-align: center;\"><span style=\"color: #808000;\"> Schl0\u00df- &amp; Burgfeste<\/span><strong><span style=\"color: #808000;\"><em><br \/>\n<\/em><\/span><\/strong><\/h5>\n<h5 style=\"text-align: center;\"><span style=\"color: #808000;\">Ein-Stunden-Zwei- Personenst\u00fccke mit historischem Hintergrund<\/span><\/h5>\n<h5 style=\"text-align: center;\"><span style=\"color: #808000;\">und Garantie f\u00fcr Emotionen und Kurzweil<\/span><\/h5>\n<p style=\"text-align: center;\"><strong>&nbsp;<\/strong><\/p>\n<h4 style=\"text-align: center;\"><em><strong>&#8220; Vincentius &amp; das verflixte XI. Gebot&#8220;<\/strong><\/em><\/h4>\n<p><a title=\"Vincentius und das XI. Gebot\" href=\"http:\/\/burg-oybin.ol-d.de\/wp-content\/uploads\/2011\/11\/vincencius04.jpg\"><img loading=\"lazy\" decoding=\"async\" class=\" wp-image-144 alignleft\" style=\"border: 5px none; margin: 5px;\" src=\"http:\/\/burg-oybin.ol-d.de\/wp-content\/uploads\/2011\/11\/vincencius04-300x199.jpg\" alt=\"\" width=\"254\" height=\"168\" srcset=\"https:\/\/burg-oybin.ol-d.de\/wp-content\/uploads\/2011\/11\/vincencius04-300x199.jpg 300w, https:\/\/burg-oybin.ol-d.de\/wp-content\/uploads\/2011\/11\/vincencius04-1024x682.jpg 1024w, https:\/\/burg-oybin.ol-d.de\/wp-content\/uploads\/2011\/11\/vincencius04.jpg 1772w\" sizes=\"auto, (max-width: 254px) 100vw, 254px\" \/><\/a><em>\u201c Wollt Ihr h\u00f6ren &#8211;<\/em><\/p>\n<p><em> von Liebe, Tod &amp; tausend Teufeln ? &#8211; dann lauschet und schweigt.. !\u201d <\/em><\/p>\n<p><em>&#8211; so beginnt Vincentius, der Franziskanerm\u00f6nch, seine schaurigen Erz\u00e4hlungen \u00fcber mancherlei Geheimnisse des Klosterlebens im 15. Jahrhundert.<\/em><\/p>\n<p style=\"text-align: center;\"><strong>&nbsp;<\/strong><\/p>\n<h4 style=\"text-align: center;\"><em><strong>&#8222;Magdalenas&nbsp; Friedensschluss<\/strong><\/em>&#8222;<\/h4>\n<p><a href=\"http:\/\/burg-oybin.ol-d.de\/wp-content\/uploads\/2011\/11\/Friedensschlu%C3%9F.jpg\"><img loading=\"lazy\" decoding=\"async\" class=\"size-medium wp-image-145 alignright\" style=\"border: 5px none; margin: 5px;\" title=\"Friedensschlu\u00df\" src=\"http:\/\/burg-oybin.ol-d.de\/wp-content\/uploads\/2011\/11\/Friedensschlu%C3%9F-300x200.jpg\" alt=\"\" width=\"240\" height=\"160\"><\/a><em>30&nbsp; lange Jahre hat der Krieg das Land verheert. <\/em><em>Endlich ist Frieden! <\/em><em>Nur einer will noch besiegt sein <\/em><em>\u2013 der alte Haudegen Vincent.&nbsp;&nbsp;&nbsp;<\/em><em> Doch gib Acht Vincent: <\/em><\/p>\n<p><a href=\"http:\/\/burg-oybin.ol-d.de\/wp-content\/uploads\/2011\/11\/38053_129010333807383_100000952504659_136430_1695492_n.jpg\"><img loading=\"lazy\" decoding=\"async\" class=\" wp-image-143 alignleft\" style=\"border: 5px none; margin: 5px;\" title=\"Magdalenas Friedensschlu\u00df\" src=\"http:\/\/burg-oybin.ol-d.de\/wp-content\/uploads\/2011\/11\/38053_129010333807383_100000952504659_136430_1695492_n-300x200.jpg\" alt=\"Burgtheater Oybin\" width=\"240\" height=\"160\" srcset=\"https:\/\/burg-oybin.ol-d.de\/wp-content\/uploads\/2011\/11\/38053_129010333807383_100000952504659_136430_1695492_n-300x200.jpg 300w, https:\/\/burg-oybin.ol-d.de\/wp-content\/uploads\/2011\/11\/38053_129010333807383_100000952504659_136430_1695492_n.jpg 720w\" sizes=\"auto, (max-width: 240px) 100vw, 240px\" \/><\/a><\/p>\n<p><em>Magdalena, <\/em><em>deren Herz f\u00fcr Dich schl\u00e4gt, <\/em><em>hat dich schon entwaffnet&#8230; <\/em><em>&#8230;oder doch nicht?!<\/em><\/p>\n<p>&nbsp;<\/p>\n<p>&nbsp;<\/p>\n<p>&nbsp;<\/p>\n<p>&nbsp;<\/p>\n<p>&nbsp;<\/p>\n<h4 style=\"text-align: center;\"><strong><em>G\u00f6nnen Sie sich &#8220; Zu Gast bei der Burgherrschaft&#8220; zu sein:<\/em><\/strong><\/h4>\n<p style=\"text-align: center;\"><a href=\"https:\/\/burg-oybin.ol-d.de\/?attachment_id=231999\" rel=\"attachment wp-att-231999\"><img loading=\"lazy\" decoding=\"async\" class=\"alignnone size-medium wp-image-231999\" src=\"https:\/\/burg-oybin.ol-d.de\/wp-content\/uploads\/2020\/09\/20100508_IMG_047107-259x300.jpg\" alt=\"\" width=\"259\" height=\"300\" srcset=\"https:\/\/burg-oybin.ol-d.de\/wp-content\/uploads\/2020\/09\/20100508_IMG_047107-259x300.jpg 259w, https:\/\/burg-oybin.ol-d.de\/wp-content\/uploads\/2020\/09\/20100508_IMG_047107-884x1024.jpg 884w, https:\/\/burg-oybin.ol-d.de\/wp-content\/uploads\/2020\/09\/20100508_IMG_047107-768x889.jpg 768w, https:\/\/burg-oybin.ol-d.de\/wp-content\/uploads\/2020\/09\/20100508_IMG_047107-1326x1536.jpg 1326w, https:\/\/burg-oybin.ol-d.de\/wp-content\/uploads\/2020\/09\/20100508_IMG_047107-1769x2048.jpg 1769w, https:\/\/burg-oybin.ol-d.de\/wp-content\/uploads\/2020\/09\/20100508_IMG_047107.jpg 1848w\" sizes=\"auto, (max-width: 259px) 100vw, 259px\" \/><\/a><\/p>\n<p>&nbsp;<\/p>\n<p>&nbsp;<\/p>\n<p>&nbsp;<\/p>\n<p>&nbsp;<\/p>\n","protected":false},"excerpt":{"rendered":"<p>&nbsp; Theatertruppe &#8220; Kurzweyl&#8220; &nbsp;unterwegs &nbsp;f\u00fcr Ihr ganz besonderes Event: Hochzeit, Familienfeier, Firmenfeier, Stadt-, Dorf-, Schl0\u00df- &amp; Burgfeste Ein-Stunden-Zwei- Personenst\u00fccke mit historischem Hintergrund und Garantie f\u00fcr Emotionen und Kurzweil &nbsp; &#8220; Vincentius &amp; das verflixte XI. Gebot&#8220; \u201c Wollt Ihr &hellip; <a href=\"https:\/\/burg-oybin.ol-d.de\/?page_id=43\">Weiterlesen <span class=\"meta-nav\">&rarr;<\/span><\/a><\/p>\n","protected":false},"author":3,"featured_media":0,"parent":0,"menu_order":0,"comment_status":"closed","ping_status":"closed","template":"","meta":{"ngg_post_thumbnail":0,"footnotes":""},"class_list":["post-43","page","type-page","status-publish","hentry"],"_links":{"self":[{"href":"https:\/\/burg-oybin.ol-d.de\/index.php?rest_route=\/wp\/v2\/pages\/43","targetHints":{"allow":["GET"]}}],"collection":[{"href":"https:\/\/burg-oybin.ol-d.de\/index.php?rest_route=\/wp\/v2\/pages"}],"about":[{"href":"https:\/\/burg-oybin.ol-d.de\/index.php?rest_route=\/wp\/v2\/types\/page"}],"author":[{"embeddable":true,"href":"https:\/\/burg-oybin.ol-d.de\/index.php?rest_route=\/wp\/v2\/users\/3"}],"replies":[{"embeddable":true,"href":"https:\/\/burg-oybin.ol-d.de\/index.php?rest_route=%2Fwp%2Fv2%2Fcomments&post=43"}],"version-history":[{"count":33,"href":"https:\/\/burg-oybin.ol-d.de\/index.php?rest_route=\/wp\/v2\/pages\/43\/revisions"}],"predecessor-version":[{"id":65,"href":"https:\/\/burg-oybin.ol-d.de\/index.php?rest_route=\/wp\/v2\/pages\/43\/revisions\/65"}],"wp:attachment":[{"href":"https:\/\/burg-oybin.ol-d.de\/index.php?rest_route=%2Fwp%2Fv2%2Fmedia&parent=43"}],"curies":[{"name":"wp","href":"https:\/\/api.w.org\/{rel}","templated":true}]}}